{"id":15,"date":"2024-08-25T09:58:05","date_gmt":"2024-08-25T09:58:05","guid":{"rendered":"https:\/\/victoriasrollinger.dk\/?page_id=15"},"modified":"2024-09-26T14:00:35","modified_gmt":"2024-09-26T14:00:35","slug":"en-forsidesektion","status":"publish","type":"page","link":"https:\/\/victoriasrollinger.dk\/index.php\/en-forsidesektion\/","title":{"rendered":""},"content":{"rendered":"\r\n<h1 id=\"mine-p\u00e6dagogiske-v\u00e6rdier\">Mine p\u00e6dagogiske v\u00e6rdier<\/h1>\r\n<p>Jeg har valgt at \u00e5bne en privat pasningsordning, da det er min overbevisning, at de hjemlige rammer skaber de bedste foruds\u00e6tninger for sm\u00e5 b\u00f8rn.\u00a0<\/p>\r\n<p>Min erfaring fra daginstitutionslivet har l\u00e6rt mig, at antallet af h\u00e6nder og tid ikke altid stemmer overens med det enkelte barns behov for n\u00e6rv\u00e6r. Derfor er det min dr\u00f8m, at f\u00e5 lov at v\u00e6re p\u00e6dagog med hjertet og at have tiden til at fordybe mig i hvert enkelt barn.\u00a0<\/p>\r\n<p>For at f\u00e5 de kognitive kompetencer p\u00e5 plads, skal de ikke-kognitive kompetencer p\u00e5 plads f\u00f8rst. Og disse skabes bedst i trygge, rummelige og n\u00e6rv\u00e6rende relationer, og m\u00e5 til enhver tid g\u00e5 forud for enhver anden kompetenceudvikling. Jeg tror p\u00e5 at b\u00f8rn, der er trygge i deres hverdag, i deres relationer og i verden, ogs\u00e5 er de b\u00f8rn som bygger det st\u00e6rkeste fundament i livet.<\/p>\r\n<p>Derfor vil dit barn blive en del af mine hjemlige rammer som en forl\u00e6ngelse af barnets eget hjem. Her skal v\u00e6re trygt og rart at v\u00e6re \u263a\ufe0f<\/p>\r\n<h2 id=\"nysgerrighed-og-leg-som-p\u00e6dag\">Nysgerrighed og leg<\/h2>\r\n<p>Som p\u00e6dagog v\u00e6rds\u00e6tter jeg v\u00e6rdien i, at lade barnets nysgerrighed v\u00e6re direkte forbundet med l\u00e6ring. Derfor skal hvert enkelt barn have plads og mulighed for at udforske og opdage p\u00e5 egen h\u00e5nd, s\u00e5vel som mit bidrag skal indg\u00e5 som st\u00f8tte til at stille sig nysgerrig og undrende overfor omgivelser og oplevelser.<\/p>\r\n<p>Jeg har en stor interesse for barnets leg og den indre legekraft som alle &#8211; store som sm\u00e5 &#8211; besidder. Selvsamme emne blev mit hovedfokus undervejs i mit bachelorprojekt. Derfor vil leg ogs\u00e5 f\u00e5 plads i hverdagen hos mig. B\u00e5de den tilrettelagte og rammesatte leg, s\u00e5vel som den intuitive og interne leg, der opst\u00e5r b\u00f8rnene imellem. Det hele skal have plads og rum til at tage form, s\u00e5dan at barnet udvikler de st\u00e6rke sociale kompetencer, de skal bruge i livet fremadrettet.<\/p>\r\n<h2 id=\"tryghed-og-k\u00e6rlige-rammerjeg-\">Tryghed og k\u00e6rlige rammer<\/h2>\r\n<p>Jeg tror p\u00e5, at hjemlige, trygge og k\u00e6rlige rammer giver barnet ro til at udvikle sig og tilegne sig vigtige sociale kompetencer igennem spejling og genkendelighed. Derfor v\u00e6gter jeg ogs\u00e5 det, at v\u00e6re forbilledlig h\u00f8jt. Det er afg\u00f8rende for mig som p\u00e6dagog, at v\u00e6re et fyrt\u00e5rn i hvert enkelt barns hverdag p\u00e5 en k\u00e6rlig og omsorgsfuld m\u00e5de.<\/p>\r\n<p>Barnet g\u00f8r, som det ser andre g\u00f8re &#8211; s\u00e6rligt de voksne. Derfor er de daglige g\u00f8rem\u00e5l, den k\u00e6rlige og im\u00f8dekommende kommunikation og det rolige hjemmemilj\u00f8 afg\u00f8rende for barnets kompetenceopbygning og selvforst\u00e5else.<\/p>\r\n<p>Tryghed er n\u00f8gleord i en hverdag med sm\u00e5 b\u00f8rn. Jeg v\u00e6gter derfor forudsigelighed, genkendelighed og tydelighed h\u00f8jt i mit hjem.<\/p>\r\n","protected":false},"excerpt":{"rendered":"<p>Mine p\u00e6dagogiske v\u00e6rdier Jeg har valgt at \u00e5bne en privat pasningsordning, da det er min overbevisning, at de hjemlige rammer skaber de bedste foruds\u00e6tninger for sm\u00e5 b\u00f8rn.\u00a0 Min erfaring fra daginstitutionslivet har l\u00e6rt mig, at antallet af h\u00e6nder og tid ikke altid stemmer overens med det enkelte barns behov for n\u00e6rv\u00e6r. Derfor er det min &hellip; <\/p>\n<p class=\"link-more\"><a href=\"https:\/\/victoriasrollinger.dk\/index.php\/en-forsidesektion\/\" class=\"more-link\">L\u00e6s videre<span class=\"screen-reader-text\"> &#8220;&#8221;<\/span><\/a><\/p>\n","protected":false},"author":1,"featured_media":84,"parent":0,"menu_order":0,"comment_status":"closed","ping_status":"closed","template":"","meta":{"footnotes":""},"class_list":["post-15","page","type-page","status-publish","has-post-thumbnail","hentry"],"yoast_head":"<!-- This site is optimized with the Yoast SEO plugin v27.5 - https:\/\/yoast.com\/product\/yoast-seo-wordpress\/ -->\n<title>- Victorias Rollinger<\/title>\n<meta name=\"robots\" content=\"index, follow, max-snippet:-1, max-image-preview:large, max-video-preview:-1\" \/>\n<link rel=\"canonical\" href=\"https:\/\/victoriasrollinger.dk\/index.php\/en-forsidesektion\/\" \/>\n<meta property=\"og:locale\" content=\"da_DK\" \/>\n<meta property=\"og:type\" content=\"article\" \/>\n<meta property=\"og:title\" content=\"- Victorias Rollinger\" \/>\n<meta property=\"og:description\" content=\"Mine p\u00e6dagogiske v\u00e6rdier Jeg har valgt at \u00e5bne en privat pasningsordning, da det er min overbevisning, at de hjemlige rammer skaber de bedste foruds\u00e6tninger for sm\u00e5 b\u00f8rn.\u00a0 Min erfaring fra daginstitutionslivet har l\u00e6rt mig, at antallet af h\u00e6nder og tid ikke altid stemmer overens med det enkelte barns behov for n\u00e6rv\u00e6r. Derfor er det min &hellip; L\u00e6s videre &quot;&quot;\" \/>\n<meta property=\"og:url\" content=\"https:\/\/victoriasrollinger.dk\/index.php\/en-forsidesektion\/\" \/>\n<meta property=\"og:site_name\" content=\"Victorias Rollinger\" \/>\n<meta property=\"article:modified_time\" content=\"2024-09-26T14:00:35+00:00\" \/>\n<meta property=\"og:image\" content=\"https:\/\/victoriasrollinger.dk\/wp-content\/uploads\/2024\/08\/IMG_7754-e1726225213711.jpeg\" \/>\n\t<meta property=\"og:image:width\" content=\"2034\" \/>\n\t<meta property=\"og:image:height\" content=\"1000\" \/>\n\t<meta property=\"og:image:type\" content=\"image\/jpeg\" \/>\n<meta name=\"twitter:card\" content=\"summary_large_image\" \/>\n<meta name=\"twitter:label1\" content=\"Estimeret l\u00e6setid\" \/>\n\t<meta name=\"twitter:data1\" content=\"3 minutter\" \/>\n<script type=\"application\/ld+json\" class=\"yoast-schema-graph\">{\"@context\":\"https:\\\/\\\/schema.org\",\"@graph\":[{\"@type\":\"WebPage\",\"@id\":\"https:\\\/\\\/victoriasrollinger.dk\\\/index.php\\\/en-forsidesektion\\\/\",\"url\":\"https:\\\/\\\/victoriasrollinger.dk\\\/index.php\\\/en-forsidesektion\\\/\",\"name\":\"- Victorias Rollinger\",\"isPartOf\":{\"@id\":\"https:\\\/\\\/victoriasrollinger.dk\\\/#website\"},\"primaryImageOfPage\":{\"@id\":\"https:\\\/\\\/victoriasrollinger.dk\\\/index.php\\\/en-forsidesektion\\\/#primaryimage\"},\"image\":{\"@id\":\"https:\\\/\\\/victoriasrollinger.dk\\\/index.php\\\/en-forsidesektion\\\/#primaryimage\"},\"thumbnailUrl\":\"https:\\\/\\\/victoriasrollinger.dk\\\/wp-content\\\/uploads\\\/2024\\\/08\\\/IMG_7754-e1726225213711.jpeg\",\"datePublished\":\"2024-08-25T09:58:05+00:00\",\"dateModified\":\"2024-09-26T14:00:35+00:00\",\"inLanguage\":\"da-DK\",\"potentialAction\":[{\"@type\":\"ReadAction\",\"target\":[\"https:\\\/\\\/victoriasrollinger.dk\\\/index.php\\\/en-forsidesektion\\\/\"]}]},{\"@type\":\"ImageObject\",\"inLanguage\":\"da-DK\",\"@id\":\"https:\\\/\\\/victoriasrollinger.dk\\\/index.php\\\/en-forsidesektion\\\/#primaryimage\",\"url\":\"https:\\\/\\\/victoriasrollinger.dk\\\/wp-content\\\/uploads\\\/2024\\\/08\\\/IMG_7754-e1726225213711.jpeg\",\"contentUrl\":\"https:\\\/\\\/victoriasrollinger.dk\\\/wp-content\\\/uploads\\\/2024\\\/08\\\/IMG_7754-e1726225213711.jpeg\",\"width\":2034,\"height\":1000},{\"@type\":\"WebSite\",\"@id\":\"https:\\\/\\\/victoriasrollinger.dk\\\/#website\",\"url\":\"https:\\\/\\\/victoriasrollinger.dk\\\/\",\"name\":\"Victorias Rollinger\",\"description\":\"\",\"potentialAction\":[{\"@type\":\"SearchAction\",\"target\":{\"@type\":\"EntryPoint\",\"urlTemplate\":\"https:\\\/\\\/victoriasrollinger.dk\\\/?s={search_term_string}\"},\"query-input\":{\"@type\":\"PropertyValueSpecification\",\"valueRequired\":true,\"valueName\":\"search_term_string\"}}],\"inLanguage\":\"da-DK\"}]}<\/script>\n<!-- \/ Yoast SEO plugin. -->","yoast_head_json":{"title":"- Victorias Rollinger","robots":{"index":"index","follow":"follow","max-snippet":"max-snippet:-1","max-image-preview":"max-image-preview:large","max-video-preview":"max-video-preview:-1"},"canonical":"https:\/\/victoriasrollinger.dk\/index.php\/en-forsidesektion\/","og_locale":"da_DK","og_type":"article","og_title":"- Victorias Rollinger","og_description":"Mine p\u00e6dagogiske v\u00e6rdier Jeg har valgt at \u00e5bne en privat pasningsordning, da det er min overbevisning, at de hjemlige rammer skaber de bedste foruds\u00e6tninger for sm\u00e5 b\u00f8rn.\u00a0 Min erfaring fra daginstitutionslivet har l\u00e6rt mig, at antallet af h\u00e6nder og tid ikke altid stemmer overens med det enkelte barns behov for n\u00e6rv\u00e6r. Derfor er det min &hellip; L\u00e6s videre \"\"","og_url":"https:\/\/victoriasrollinger.dk\/index.php\/en-forsidesektion\/","og_site_name":"Victorias Rollinger","article_modified_time":"2024-09-26T14:00:35+00:00","og_image":[{"width":2034,"height":1000,"url":"https:\/\/victoriasrollinger.dk\/wp-content\/uploads\/2024\/08\/IMG_7754-e1726225213711.jpeg","type":"image\/jpeg"}],"twitter_card":"summary_large_image","twitter_misc":{"Estimeret l\u00e6setid":"3 minutter"},"schema":{"@context":"https:\/\/schema.org","@graph":[{"@type":"WebPage","@id":"https:\/\/victoriasrollinger.dk\/index.php\/en-forsidesektion\/","url":"https:\/\/victoriasrollinger.dk\/index.php\/en-forsidesektion\/","name":"- Victorias Rollinger","isPartOf":{"@id":"https:\/\/victoriasrollinger.dk\/#website"},"primaryImageOfPage":{"@id":"https:\/\/victoriasrollinger.dk\/index.php\/en-forsidesektion\/#primaryimage"},"image":{"@id":"https:\/\/victoriasrollinger.dk\/index.php\/en-forsidesektion\/#primaryimage"},"thumbnailUrl":"https:\/\/victoriasrollinger.dk\/wp-content\/uploads\/2024\/08\/IMG_7754-e1726225213711.jpeg","datePublished":"2024-08-25T09:58:05+00:00","dateModified":"2024-09-26T14:00:35+00:00","inLanguage":"da-DK","potentialAction":[{"@type":"ReadAction","target":["https:\/\/victoriasrollinger.dk\/index.php\/en-forsidesektion\/"]}]},{"@type":"ImageObject","inLanguage":"da-DK","@id":"https:\/\/victoriasrollinger.dk\/index.php\/en-forsidesektion\/#primaryimage","url":"https:\/\/victoriasrollinger.dk\/wp-content\/uploads\/2024\/08\/IMG_7754-e1726225213711.jpeg","contentUrl":"https:\/\/victoriasrollinger.dk\/wp-content\/uploads\/2024\/08\/IMG_7754-e1726225213711.jpeg","width":2034,"height":1000},{"@type":"WebSite","@id":"https:\/\/victoriasrollinger.dk\/#website","url":"https:\/\/victoriasrollinger.dk\/","name":"Victorias Rollinger","description":"","potentialAction":[{"@type":"SearchAction","target":{"@type":"EntryPoint","urlTemplate":"https:\/\/victoriasrollinger.dk\/?s={search_term_string}"},"query-input":{"@type":"PropertyValueSpecification","valueRequired":true,"valueName":"search_term_string"}}],"inLanguage":"da-DK"}]}},"_links":{"self":[{"href":"https:\/\/victoriasrollinger.dk\/index.php\/wp-json\/wp\/v2\/pages\/15","targetHints":{"allow":["GET"]}}],"collection":[{"href":"https:\/\/victoriasrollinger.dk\/index.php\/wp-json\/wp\/v2\/pages"}],"about":[{"href":"https:\/\/victoriasrollinger.dk\/index.php\/wp-json\/wp\/v2\/types\/page"}],"author":[{"embeddable":true,"href":"https:\/\/victoriasrollinger.dk\/index.php\/wp-json\/wp\/v2\/users\/1"}],"replies":[{"embeddable":true,"href":"https:\/\/victoriasrollinger.dk\/index.php\/wp-json\/wp\/v2\/comments?post=15"}],"version-history":[{"count":28,"href":"https:\/\/victoriasrollinger.dk\/index.php\/wp-json\/wp\/v2\/pages\/15\/revisions"}],"predecessor-version":[{"id":265,"href":"https:\/\/victoriasrollinger.dk\/index.php\/wp-json\/wp\/v2\/pages\/15\/revisions\/265"}],"wp:featuredmedia":[{"embeddable":true,"href":"https:\/\/victoriasrollinger.dk\/index.php\/wp-json\/wp\/v2\/media\/84"}],"wp:attachment":[{"href":"https:\/\/victoriasrollinger.dk\/index.php\/wp-json\/wp\/v2\/media?parent=15"}],"curies":[{"name":"wp","href":"https:\/\/api.w.org\/{rel}","templated":true}]}}